{"id":392,"date":"2010-05-21T09:39:04","date_gmt":"2010-05-21T07:39:04","guid":{"rendered":"http:\/\/www.drk-elkenroth.de\/?page_id=392"},"modified":"2025-08-17T17:54:58","modified_gmt":"2025-08-17T15:54:58","slug":"unser-vorstand","status":"publish","type":"page","link":"http:\/\/www.drk-elkenroth.de\/?page_id=392","title":{"rendered":"Unser Vorstand"},"content":{"rendered":"<table style=\"width: 693px; height: 78px;\" border=\"0\">\n<tbody>\n<tr>\n<td>\n<h5>\u00a0Der Vorstand des DRK Ortsvereins Gebhardshain e. V.<\/h5>\n<\/td>\n<td><img loading=\"lazy\" decoding=\"async\" class=\" size-full wp-image-2\" src=\"http:\/\/www.drk-elkenroth.de\/wp-content\/uploads\/drk-fahne.gif\" alt=\" \" width=\"75\" height=\"50\" \/><\/td>\n<\/tr>\n<\/tbody>\n<\/table>\n<table border=\"1\">\n<tbody>\n<tr>\n<td><strong>\u00a0Bild<\/strong><\/td>\n<td><strong>\u00a0Name,<br \/>\nVorname<\/strong><\/td>\n<td><strong>\u00a0Funktion im<br \/>\nOV Gebhardshain<\/strong><\/td>\n<td>\u00a0<strong>Kontakt<\/strong><\/td>\n<\/tr>\n<tr>\n<td><img loading=\"lazy\" decoding=\"async\" class=\" size-full wp-image-389\" title=\"Konrad Schwan (1. Vorsitzender)\" src=\"http:\/\/www.drk-elkenroth.de\/wp-content\/uploads\/schwan.jpg\" alt=\" \" width=\"100\" height=\"122\" hspace=\"2\" vspace=\"2\" srcset=\"http:\/\/www.drk-elkenroth.de\/wp-content\/uploads\/schwan.jpg 381w, http:\/\/www.drk-elkenroth.de\/wp-content\/uploads\/schwan-246x300.jpg 246w\" sizes=\"(max-width: 100px) 100vw, 100px\" \/><\/td>\n<td>Schwan,<br \/>\nKonrad<\/td>\n<td>1. Vorsitzender<\/td>\n<td><a title=\"E-Mail an den 1. Vorsitzenden\" href=\"mailto:k.schwan@drk-elkenroth.de\" target=\"_blank\" rel=\"noopener noreferrer\">E-Mail<\/a><br \/>\nTelefon: 02747\/7814<\/td>\n<\/tr>\n<tr>\n<td><img loading=\"lazy\" decoding=\"async\" class=\"wp-image-1984 alignleft\" title=\"Joachim Brenner (2. Vorsitzender)\" src=\"http:\/\/www.drk-elkenroth.de\/wp-content\/uploads\/Screenshot_20250722_045129_Facebook-150x150.jpg\" alt=\"\" width=\"99\" height=\"99\" srcset=\"http:\/\/www.drk-elkenroth.de\/wp-content\/uploads\/Screenshot_20250722_045129_Facebook-150x150.jpg 150w, http:\/\/www.drk-elkenroth.de\/wp-content\/uploads\/Screenshot_20250722_045129_Facebook-144x144.jpg 144w\" sizes=\"(max-width: 99px) 100vw, 99px\" \/><\/td>\n<td>Brenner,<br \/>\nJoachim<\/td>\n<td>2. Vorsitzender<\/td>\n<td>E-Mail<\/td>\n<\/tr>\n<tr>\n<td><img loading=\"lazy\" decoding=\"async\" class=\"alignleft wp-image-957\" title=\"Sabrina Benner (Schatzmeisterin)\" src=\"http:\/\/www.drk-elkenroth.de\/wp-content\/uploads\/benner-4-225x300.jpg\" alt=\"\" width=\"100\" height=\"133\" hspace=\"2\" vspace=\"2\" srcset=\"http:\/\/www.drk-elkenroth.de\/wp-content\/uploads\/benner-4-225x300.jpg 225w, http:\/\/www.drk-elkenroth.de\/wp-content\/uploads\/benner-4-768x1024.jpg 768w, http:\/\/www.drk-elkenroth.de\/wp-content\/uploads\/benner-4.jpg 1568w\" sizes=\"(max-width: 100px) 100vw, 100px\" \/><\/td>\n<td>Benner,<br \/>\nSabrina<\/td>\n<td>Schatzmeisterin \/<br \/>\nKassiererin<\/td>\n<td><a title=\"E-Mail an den Kassierer\" href=\"mailto:s.benner@drk-elkenroth.de\" target=\"_blank\" rel=\"noopener noreferrer\">E-Mail<\/a><br \/>\nTelefon: 0151\/16541993<\/td>\n<\/tr>\n<tr>\n<td><img loading=\"lazy\" decoding=\"async\" class=\"wp-image-2056  alignnone\" title=\"Steffen Nilius (Bereitschaftsleiter)\" src=\"http:\/\/www.drk-elkenroth.de\/wp-content\/uploads\/2023-08-Passfoto_1711699415063-150x150.jpg\" alt=\"\" width=\"113\" height=\"113\" hspace=\"2\" vspace=\"2\" srcset=\"http:\/\/www.drk-elkenroth.de\/wp-content\/uploads\/2023-08-Passfoto_1711699415063-150x150.jpg 150w, http:\/\/www.drk-elkenroth.de\/wp-content\/uploads\/2023-08-Passfoto_1711699415063-144x144.jpg 144w\" sizes=\"(max-width: 113px) 100vw, 113px\" \/><\/td>\n<td>Nilius,<br \/>\nSteffen<\/td>\n<td>Schriftf\u00fchrer<\/td>\n<td>E-Mail<br \/>\nTelefon: 0175\/2448475<\/td>\n<\/tr>\n<tr>\n<td><img loading=\"lazy\" decoding=\"async\" class=\"wp-image-1476  alignleft\" title=\"Marc Hannemann (Bereitschaftsleiter)\" src=\"http:\/\/www.drk-elkenroth.de\/wp-content\/uploads\/Hannemann_Marc-150x150.jpg\" alt=\"\" width=\"102\" height=\"102\" srcset=\"http:\/\/www.drk-elkenroth.de\/wp-content\/uploads\/Hannemann_Marc-150x150.jpg 150w, http:\/\/www.drk-elkenroth.de\/wp-content\/uploads\/Hannemann_Marc-144x144.jpg 144w\" sizes=\"(max-width: 102px) 100vw, 102px\" \/><\/td>\n<td>Hannemann,<br \/>\nMarc<\/td>\n<td>Bereitschaftsleiter<\/td>\n<td>E-Mail<\/td>\n<\/tr>\n<tr>\n<td><img loading=\"lazy\" decoding=\"async\" class=\"wp-image-1960  alignleft\" src=\"http:\/\/www.drk-elkenroth.de\/wp-content\/uploads\/20190414_192735_1607970539288-1-150x150.jpg\" alt=\"\" width=\"105\" height=\"105\" srcset=\"http:\/\/www.drk-elkenroth.de\/wp-content\/uploads\/20190414_192735_1607970539288-1-150x150.jpg 150w, http:\/\/www.drk-elkenroth.de\/wp-content\/uploads\/20190414_192735_1607970539288-1-144x144.jpg 144w\" sizes=\"(max-width: 105px) 100vw, 105px\" \/><\/td>\n<td>Theis,<br \/>\nNatalie<\/td>\n<td>Bereitschaftsleiterin<\/td>\n<td>E-Mail<\/td>\n<\/tr>\n<tr>\n<td><img loading=\"lazy\" decoding=\"async\" class=\"wp-image-2051  alignleft\" src=\"http:\/\/www.drk-elkenroth.de\/wp-content\/uploads\/Dr.-Erik-Becker_1675328056626-150x150.jpg\" alt=\"\" width=\"105\" height=\"105\" srcset=\"http:\/\/www.drk-elkenroth.de\/wp-content\/uploads\/Dr.-Erik-Becker_1675328056626-150x150.jpg 150w, http:\/\/www.drk-elkenroth.de\/wp-content\/uploads\/Dr.-Erik-Becker_1675328056626-144x144.jpg 144w\" sizes=\"(max-width: 105px) 100vw, 105px\" \/><\/td>\n<td>Dr. Becker,<br \/>\nErik<\/td>\n<td>Bereitschaftsarzt<\/td>\n<td>&#8211;<\/td>\n<\/tr>\n<tr>\n<td><img loading=\"lazy\" decoding=\"async\" class=\"wp-image-2052  alignleft\" src=\"http:\/\/www.drk-elkenroth.de\/wp-content\/uploads\/Dr.-Isabell-Hornburg_1675328952394-150x150.jpg\" alt=\"\" width=\"106\" height=\"106\" srcset=\"http:\/\/www.drk-elkenroth.de\/wp-content\/uploads\/Dr.-Isabell-Hornburg_1675328952394-150x150.jpg 150w, http:\/\/www.drk-elkenroth.de\/wp-content\/uploads\/Dr.-Isabell-Hornburg_1675328952394-144x144.jpg 144w\" sizes=\"(max-width: 106px) 100vw, 106px\" \/><\/td>\n<td>Dr. Hornburg,<br \/>\nIsabelle<\/td>\n<td>Bereitschafts\u00e4rztin<\/td>\n<td>&#8211;<\/td>\n<\/tr>\n<tr>\n<td><img loading=\"lazy\" decoding=\"async\" class=\"wp-image-2054  alignnone\" src=\"http:\/\/www.drk-elkenroth.de\/wp-content\/uploads\/Simone-Maria-Kohlhas_1678789797331-150x150.jpg\" alt=\"\" width=\"106\" height=\"106\" srcset=\"http:\/\/www.drk-elkenroth.de\/wp-content\/uploads\/Simone-Maria-Kohlhas_1678789797331-150x150.jpg 150w, http:\/\/www.drk-elkenroth.de\/wp-content\/uploads\/Simone-Maria-Kohlhas_1678789797331-144x144.jpg 144w\" sizes=\"(max-width: 106px) 100vw, 106px\" \/><\/td>\n<td>Kohlhas,<br \/>\nSimone<\/td>\n<td>Sozialdienst<\/td>\n<td>&#8211;<\/td>\n<\/tr>\n<tr>\n<td><img loading=\"lazy\" decoding=\"async\" class=\"wp-image-2055  alignnone\" src=\"http:\/\/www.drk-elkenroth.de\/wp-content\/uploads\/Gabriella-Kaercher_1678790314877-150x150.jpg\" alt=\"\" width=\"117\" height=\"117\" srcset=\"http:\/\/www.drk-elkenroth.de\/wp-content\/uploads\/Gabriella-Kaercher_1678790314877-150x150.jpg 150w, http:\/\/www.drk-elkenroth.de\/wp-content\/uploads\/Gabriella-Kaercher_1678790314877-144x144.jpg 144w\" sizes=\"(max-width: 117px) 100vw, 117px\" \/><\/td>\n<td>K\u00e4rcher,<br \/>\nGabriella<\/td>\n<td>Sozialdienst<\/td>\n<td>&#8211;<\/td>\n<\/tr>\n<tr>\n<td><img loading=\"lazy\" decoding=\"async\" class=\" size-full wp-image-265\" title=\"Michael Gr\u00fcdelbach (Beisitzer)\" src=\"http:\/\/www.drk-elkenroth.de\/wp-content\/uploads\/gruedelbach.jpg\" alt=\" \" width=\"100\" height=\"130\" hspace=\"2\" vspace=\"2\" srcset=\"http:\/\/www.drk-elkenroth.de\/wp-content\/uploads\/gruedelbach.jpg 336w, http:\/\/www.drk-elkenroth.de\/wp-content\/uploads\/gruedelbach-230x300.jpg 230w\" sizes=\"(max-width: 100px) 100vw, 100px\" \/><\/td>\n<td>Gr\u00fcdelbach,<br \/>\nMichael<\/td>\n<td>Beisitzer<\/td>\n<td>&#8211;<\/td>\n<\/tr>\n<tr>\n<td><img loading=\"lazy\" decoding=\"async\" class=\"alignleft wp-image-852\" src=\"http:\/\/www.drk-elkenroth.de\/wp-content\/uploads\/dr-kohlhas-217x300.jpg\" alt=\"dr-kohlhas\" width=\"100\" height=\"138\" srcset=\"http:\/\/www.drk-elkenroth.de\/wp-content\/uploads\/dr-kohlhas-217x300.jpg 217w, http:\/\/www.drk-elkenroth.de\/wp-content\/uploads\/dr-kohlhas.jpg 224w\" sizes=\"(max-width: 100px) 100vw, 100px\" \/><\/td>\n<td>Dr. med.\u00a0Kohlhas,<br \/>\nKlaus<\/td>\n<td>Arzt<\/td>\n<td><a title=\"E-Mail an den 2. Vorsitzenden\" href=\"mailto:dr.kohlhas@drk-elkenroth.de\" target=\"_blank\" rel=\"noopener noreferrer\">E-Mail<\/a><\/td>\n<\/tr>\n<\/tbody>\n<\/table>\n<p>\u200bDer Vorstand unseres Ortsvereins wird von der Mitgliederversammlung gew\u00e4hlt, die alle 5 Jahre tagt. Geborene Mitglieder sind\u00a0die Leiter der\u00a0Bereitschaft, des JRK\u00b4s und des Sozialdienstes &#8211; im Verhinderungsfalle dessen Stellvertreter.<\/p>\n<p>Der Vorstand tagt mindestens\u00a03 mal im Jahr. Zu seinen Aufgaben geh\u00f6ren die in \u00a7 2 der <a title=\"Satzung des DRK Ortsvereins Gebhardshain e. V.\" href=\"http:\/\/www.drk-elkenroth.de\/?page_id=171\">Ortsvereinssatzung<\/a> beschriebenen Aufgaben und die F\u00fchrung der Gesch\u00e4fte nach den Beschl\u00fcssen der Mitgliederversammlung. Der Vorstand erstellt j\u00e4hrlich einen Haushaltsplan, der j\u00e4hrlich von der Mitgliederversammlung verabschiedet wird.<\/p>\n","protected":false},"excerpt":{"rendered":"<p>\u00a0Der Vorstand des DRK Ortsvereins Gebhardshain e. V. \u00a0Bild \u00a0Name, Vorname \u00a0Funktion im OV Gebhardshain \u00a0Kontakt Schwan, Konrad 1. Vorsitzender E-Mail Telefon: 02747\/7814 Brenner, Joachim 2. Vorsitzender E-Mail Benner, Sabrina Schatzmeisterin \/ Kassiererin E-Mail Telefon: 0151\/16541993 Nilius, Steffen Schriftf\u00fchrer E-Mail Telefon: 0175\/2448475 Hannemann, Marc Bereitschaftsleiter E-Mail Theis, Natalie Bereitschaftsleiterin E-Mail<a href=\"http:\/\/www.drk-elkenroth.de\/?page_id=392\"><\/p>\n<p>mehr lesen&#8230;<\/a><\/p>\n","protected":false},"author":2,"featured_media":2,"parent":0,"menu_order":5,"comment_status":"closed","ping_status":"closed","template":"","meta":{"footnotes":""},"class_list":["post-392","page","type-page","status-publish","has-post-thumbnail","hentry"],"_links":{"self":[{"href":"http:\/\/www.drk-elkenroth.de\/index.php?rest_route=\/wp\/v2\/pages\/392"}],"collection":[{"href":"http:\/\/www.drk-elkenroth.de\/index.php?rest_route=\/wp\/v2\/pages"}],"about":[{"href":"http:\/\/www.drk-elkenroth.de\/index.php?rest_route=\/wp\/v2\/types\/page"}],"author":[{"embeddable":true,"href":"http:\/\/www.drk-elkenroth.de\/index.php?rest_route=\/wp\/v2\/users\/2"}],"replies":[{"embeddable":true,"href":"http:\/\/www.drk-elkenroth.de\/index.php?rest_route=%2Fwp%2Fv2%2Fcomments&post=392"}],"version-history":[{"count":23,"href":"http:\/\/www.drk-elkenroth.de\/index.php?rest_route=\/wp\/v2\/pages\/392\/revisions"}],"predecessor-version":[{"id":2057,"href":"http:\/\/www.drk-elkenroth.de\/index.php?rest_route=\/wp\/v2\/pages\/392\/revisions\/2057"}],"wp:featuredmedia":[{"embeddable":true,"href":"http:\/\/www.drk-elkenroth.de\/index.php?rest_route=\/wp\/v2\/media\/2"}],"wp:attachment":[{"href":"http:\/\/www.drk-elkenroth.de\/index.php?rest_route=%2Fwp%2Fv2%2Fmedia&parent=392"}],"curies":[{"name":"wp","href":"https:\/\/api.w.org\/{rel}","templated":true}]}}